{"id":40,"date":"2023-04-11T18:01:19","date_gmt":"2023-04-11T16:01:19","guid":{"rendered":"https:\/\/ambasciatapraga.esteri.it\/?page_id=40"},"modified":"2026-03-26T11:00:30","modified_gmt":"2026-03-26T10:00:30","slug":"gli-uffici","status":"publish","type":"page","link":"https:\/\/amblubiana.esteri.it\/it\/chi-siamo\/gli-uffici\/","title":{"rendered":"Gli Uffici"},"content":{"rendered":"<p><strong>Ambasciata d&#8217;Italia a Lubiana<\/strong><\/p>\n<p><strong>Ambasciatore: <\/strong>Giuseppe Cavagna<\/p>\n<p>Sne\u017eni\u0161ka ulica 8<br \/>\n1000 Ljubljana<\/p>\n<p>Tel\u00a0\u00a0 00 386 1 4262194\/4262320\/4258659<br \/>\nFax\u00a0 00 386 1 4253302<\/p>\n<p><strong>email:<\/strong><\/p>\n<ul>\n<li><a href=\"mailto:archivio.lubiana@esteri.it\">archivio.lubiana@esteri.it<\/a><\/li>\n<li><a href=\"mailto:consolare.lubiana@esteri.it\">consolare.lubiana@esteri.it<\/a><\/li>\n<li><a href=\"mailto:contabilita.lubiana@esteri.it\">contabilita.lubiana@esteri.it<\/a><\/li>\n<li><a href=\"mailto:segreteria.lubiana@esteri.it\">segreteria.lubiana@esteri.it<\/a><\/li>\n<li><a href=\"mailto:stampa.lubiana@esteri.it\">stampa.lubiana@esteri.it<\/a><\/li>\n<\/ul>\n<p><strong>pec:<\/strong><\/p>\n<ul>\n<li><a href=\"mailto:amb.lubiana@cert.esteri.it\">amb.lubiana@cert.esteri.it<\/a><\/li>\n<li><a href=\"mailto:amb.lubiana.consolare@cert.esteri.it\">amb.lubiana.consolare@cert.esteri.it<\/a><\/li>\n<\/ul>\n<p>Per richieste di assistenza alla sezione economico-commerciale clicca\u00a0<a href=\"https:\/\/nexus.esteri.it\/\">qui<\/a>\u00a0.<\/p>\n<p><strong>Vice Capo Missione: <\/strong>Dott.ssa Anthea Sara Mazzucchelli<\/p>\n<p><strong>Coordinatore Amministrativo: <\/strong>Dott. Enrico Salandri<\/p>\n<p>L&#8217;Ambasciata \u00e8 aperta al pubblico nei giorni feriali, dal luned\u00ec al venerd\u00ec, dalle 9:00 alle ore 12:00, SOLO SU APPUNTAMENTO da richiedere preferibilmente via posta elettronica alla Sezione corrispondente (v. elenco Uffici).<br \/>\nIl centralino risponde dalle 9:00 alle 16:30 dal luned\u00ec al gioved\u00ec e dalle 9:00 alle 16:00 il venerd\u00ec (esclusi i giorni festivi &#8211; v. lista festivita&#8217;)<\/p>\n<p><strong>E&#8217; assicurata la reperibilita&#8217; fuori dell&#8217;orario d&#8217;ufficio e giorni festivi al\u00a0 seguente numero:\u00a0 00 386 41 736773. (<em>Esclusivamente per casi di emergenza e non per informazioni di qualsiasi tipo<\/em>).<\/strong><\/p>\n<p><a href=\"https:\/\/conscapodistria.esteri.it\/it\/\"><strong>Consolato Generale d&#8217;Italia a Capodistria &#8211; Il sito ufficiale del Consolato Generale d&#8217;Italia a Capodistria<\/strong><\/a><br \/>\nRiva Belvedere, 2<br \/>\n6000 Capodistria (Koper)<br \/>\n<strong>Console Generale<\/strong>: Dott.ssa Simona Ciuffoni<br \/>\ntelefono: 003865 6273 747<br \/>\ne-mail:\u00a0<a href=\"mailto:consgen.capodistria@esteri.it\">consgen.capodistria@esteri.it<\/a><br \/>\ncellulare: 00 386 64 298224 (da utilizzare fuori dell&#8217;orario d&#8217;ufficio, solo in caso di gravi emergenze)<br \/>\n<em>Il Consolato \u00e8 aperto al pubblico nei giorni feriali dal luned\u00ec al venerd\u00ec dalle ore 09:00 alle ore 11:00<strong><br \/>\n<\/strong><\/em>al di fuori degli orari indicati, previo appuntamento, telefonando ai numeri 00386 5 6273 747 o inviando una e-mail a\u00a0<a href=\"mailto:capodistria.consolare@esteri.it\">capodistria.consolare@esteri.it<\/a><\/p>\n<p><a href=\"https:\/\/iiclubiana.esteri.it\/it\/\"><strong>Istituto Italiano di Cultura di Lubiana &#8211; Il sito ufficiale dell&#8217;Istituto Italiano di Cultura di Lubiana<\/strong><\/a><br \/>\nSezione della promozione culturale dell&#8217;Ambasciata d&#8217;Italia.<\/p>\n<p><strong>Direttore<\/strong>: Dott. Andrea Tremaroli <strong>\u00a0<\/strong><br \/>\nBreg 12, 1000 Ljubljana<\/p>\n<p>tel\u00a0 00 386\u00a0 1\u00a0 2415640\/2415646 fax 00 386\u00a0 1\u00a0 2415643<br \/>\ne-mail:\u00a0<a href=\"mailto:direttore.iiclubiana@esteri.it\">direttore.iiclubiana@esteri.it<\/a>;\u00a0<a href=\"mailto:addetto.iiclubiana@esteri.it\">addetto.iiclubiana@esteri.it<\/a>;<br \/>\n<a href=\"mailto:segreteria.iiclubiana@esteri.it\">segreteria.iiclubiana@esteri.it<\/a><\/p>\n<p><a href=\"http:\/\/www.ice.gov.it\/it\/mercati\/slovenia\"><strong>ICE-Agenzia per la promozione all&#8217;estero e l&#8217;internazionalizzazione delle imprese italiane.<\/strong><\/a><a href=\"http:\/\/www.ice.gov.it\/mercati\/slovenia\/index.htm\"><strong><br \/>\n<\/strong><\/a><\/p>\n<p>Sezione per la promozione degli scambi dell&#8217;Ambasciata d&#8217;Italia<\/p>\n<p><strong>Direttore<\/strong>: Dott. Giacomo Ricciotti<\/p>\n<p>Cankarjeva, 10<br \/>\n1000 Ljubljana<br \/>\ntel\u00a0 00 386 1 4224370<br \/>\ne-mail:\u00a0<a href=\"mailto:Lubiana@ice.it\">lubiana@ice.it<\/a><br \/>\nsito internet:\u00a0<a href=\"http:\/\/www.ice.gov.it\/it\/mercati\/slovenia\">http:\/\/www.ice.gov.it\/it\/mercati\/slovenia<\/a><\/p>\n<p><strong>Il calendario delle festivit\u00e0 annuali osservato \u00e8 il seguente<\/strong><\/p>\n<ul>\n<li>01 gennaio\u00a0\u00a0\u00a0 Capodanno<\/li>\n<li>06 gennaio\u00a0\u00a0\u00a0 Epifania<\/li>\n<li>Luned\u00ec di Pasqua\u00a0 (festivit\u00e0 mobile)<\/li>\n<li>25 aprile\u00a0\u00a0\u00a0\u00a0\u00a0\u00a0\u00a0 Anniversario della Liberazione<\/li>\n<li>01 maggio\u00a0\u00a0\u00a0\u00a0 Festa del Lavoro<\/li>\n<li>02 giugno\u00a0\u00a0\u00a0\u00a0\u00a0 Festa nazionale della Repubblica<\/li>\n<li>25 giugno\u00a0\u00a0\u00a0\u00a0\u00a0 Festa Nazionale slovena<\/li>\n<li>15 agosto\u00a0\u00a0\u00a0\u00a0\u00a0 Assunzione<\/li>\n<li>04 ottobre San Francesco d&#8217;Assisi<\/li>\n<li>01 novembre\u00a0 Tutti i Santi<\/li>\n<li>25 dicembre\u00a0\u00a0 Natale<\/li>\n<li>26 dicembre\u00a0\u00a0 Giornata dell&#8217; indipendenza slovena.<\/li>\n<\/ul>\n<p><strong>Per la normativa di riferimento relativa al nuovo c.d. Codice Disciplinare in vigore, consultare:<\/strong><\/p>\n<ul>\n<li><a href=\"https:\/\/www.normattiva.it\/uri-res\/N2Ls?urn:nir:stato:decreto.del.presidente.della.repubblica:2013-04-16;62!vig=\"><strong>DECRETO DEL PRESIDENTE DELLA REPUBBLICA 16 aprile 2013, n. 62 &#8211; Normattiva<\/strong><\/a><\/li>\n<li><a title=\"Clicca per scaricare l'articolo\" href=\"http:\/\/www.edscuola.it\/archivio\/norme\/varie\/ccnlm_03.pdf\"><strong>Art13, CCNL comparto Ministeri<\/strong><\/a><\/li>\n<\/ul>\n","protected":false},"excerpt":{"rendered":"Ambasciata d&#8217;Italia a Lubiana Ambasciatore: Giuseppe Cavagna Sne\u017eni\u0161ka ulica 8 1000 Ljubljana Tel\u00a0\u00a0 00 386 1 4262194\/4262320\/4258659 Fax\u00a0 00 386 1 4253302 email: archivio.lubiana@esteri.it consolare.lubiana@esteri.it contabilita.lubiana@esteri.it segreteria.lubiana@esteri.it stampa.lubiana@esteri.it pec: amb.lubiana@cert.esteri.it amb.lubiana.consolare@cert.esteri.it Per richieste di assistenza alla sezione economico-commerciale clicca\u00a0qui\u00a0. Vice Capo Missione: Dott.ssa Anthea Sara Mazzucchelli Coordinatore Amministrativo: Dott. Enrico Salandri L&#8217;Ambasciata \u00e8 aperta al [&hellip;]","protected":false},"author":1,"featured_media":0,"parent":13,"menu_order":4,"comment_status":"closed","ping_status":"closed","template":"","meta":{"footnotes":""},"class_list":["post-40","page","type-page","status-publish","hentry"],"_links":{"self":[{"href":"https:\/\/amblubiana.esteri.it\/it\/wp-json\/wp\/v2\/pages\/40","targetHints":{"allow":["GET"]}}],"collection":[{"href":"https:\/\/amblubiana.esteri.it\/it\/wp-json\/wp\/v2\/pages"}],"about":[{"href":"https:\/\/amblubiana.esteri.it\/it\/wp-json\/wp\/v2\/types\/page"}],"author":[{"embeddable":true,"href":"https:\/\/amblubiana.esteri.it\/it\/wp-json\/wp\/v2\/users\/1"}],"replies":[{"embeddable":true,"href":"https:\/\/amblubiana.esteri.it\/it\/wp-json\/wp\/v2\/comments?post=40"}],"version-history":[{"count":6,"href":"https:\/\/amblubiana.esteri.it\/it\/wp-json\/wp\/v2\/pages\/40\/revisions"}],"predecessor-version":[{"id":6229,"href":"https:\/\/amblubiana.esteri.it\/it\/wp-json\/wp\/v2\/pages\/40\/revisions\/6229"}],"up":[{"embeddable":true,"href":"https:\/\/amblubiana.esteri.it\/it\/wp-json\/wp\/v2\/pages\/13"}],"wp:attachment":[{"href":"https:\/\/amblubiana.esteri.it\/it\/wp-json\/wp\/v2\/media?parent=40"}],"curies":[{"name":"wp","href":"https:\/\/api.w.org\/{rel}","templated":true}]}}