{"id":43,"date":"2023-04-11T18:10:30","date_gmt":"2023-04-11T16:10:30","guid":{"rendered":"https:\/\/ambasciatapraga.esteri.it\/?page_id=43"},"modified":"2026-04-28T15:26:03","modified_gmt":"2026-04-28T13:26:03","slug":"diplomazia-economica","status":"publish","type":"page","link":"https:\/\/amblubiana.esteri.it\/it\/italia-e-slovenia\/diplomazia-economica\/","title":{"rendered":"Diplomazia economica"},"content":{"rendered":"<p>La Slovenia rappresenta un partner economico-commerciale importante per l\u2019Italia: nonostante le ridotte dimensioni del suo mercato interno, il Paese rappresenta una porta di accesso privilegiato alla regione adriatico-balcanica in virt\u00f9 della sua contiguit\u00e0 geografica, presenza di manodopera qualificata e salari competitivi. Per maggiori informazioni, si invita a consultare la <a href=\"https:\/\/amblubiana.esteri.it\/it\/italia-e-slovenia\/diplomazia-economica\/guida-diplomazia-della-crescita-destinazione-slovenia\/\">Guida \u201cDiplomazia della crescita: destinazione Slovenia\u201d<\/a>.<\/p>\n<p>Si riporta di seguito un aggiornamento dell&#8217;andamento congiunturale (aggiornato al 28.04.2026):<\/p>\n<p>Secondo i dati dell\u2019Ufficio sloveno di Statistica (SURS), nel 2025 il <strong>Prodotto Interno Lordo sloveno <\/strong>\u00e8 cresciuto dell\u20191,1% rispetto all\u2019anno precedente, raggiungendo i 70,5 miliardi di euro per un PIL pro-capite di poco superiore a \u20ac33.000. Per il triennio 2026-2028, l\u2019Istituto sloveno per le analisi economiche e lo sviluppo (IMAD) prevede una crescita annua del 2% &#8211; ancorch\u00e9 tale scenario non contempli un aumento duraturo dei prezzi dell\u2019energia n\u00e9 ulteriori interruzioni nelle catene di approvvigionamento, che necessariamente andrebbero a causare pressioni inflazionistiche pi\u00f9 marcate. La percentuale di crescita del 2%, peraltro, appare confermata anche dalle previsioni del Fondo Monetario Internazionale (FMI) \u2013 parzialmente ridimensionate rispetto al 2,2% stimato a novembre \u2013 nelle quali viene tenuto conto dell\u2019impatto del conflitto in Medio Oriente.<\/p>\n<p>Nonostante il <strong>disavanzo di bilancio<\/strong> abbia raggiunto quasi 1,8 miliardi di euro (pari al 2,5% del PIL) e il debito pubblico si sia attestato a 46,3 miliardi di euro, nel 2025 il rapporto debito\/PIL \u00e8 sceso al 65,7% grazie alla crescita del prodotto interno lordo.<\/p>\n<p>L\u2019<strong>inflazione <\/strong>sembra inoltre essersi stabilizzata al 2,4% nel corso del 2025, con un livello di poco superiore all\u2019anno precedente (2%), ma in netto miglioramento rispetto alla soglia del 7,4% registrato nel 2023. Per il 2026, l\u2019IMAD prevede un aumento dei prezzi al consumo &#8211; al netto di eventuali rincari che possano verificarsi in conseguenza del perdurare del conflitto in Medio Oriente &#8211; del 2,5%, seguito da una lieve diminuzione nel 2027.<\/p>\n<p>Si conferma inoltre a livelli particolarmente contenuti il <strong>tasso di disoccupazione<\/strong>, da tempo stabilmente al di sotto del 4% e previsto mantenersi tale nel corso del prossimo triennio, durante il quale si prevede un tasso al 3,8%. I <strong>salari medi lordi<\/strong> sono aumentati del 5,9% in termini nominali nel corso del 2025 e le previsioni dell\u2019IMAD indicano un ulteriore aumento pi\u00f9 marcato nel 2026 (+6,7%), salvo poi rallentare al 5,5% nel 2027.<\/p>\n<p>L\u2019<strong>import\/export<\/strong> sloveno \u00e8 aumentato nel 2025: le importazioni slovene sono cresciute dell\u20191,8% rispetto al 2024 (per un totale complessivo di 70,6 miliardi di euro), mentre le esportazioni hanno anch\u2019esse registrato un aumento del 17% (per un totale complessivo di 72 miliardi di euro). Le importazioni dai primi due partner commerciali risultano in crescita (Svizzera +1,2%, Cina +29,8%), mentre Germania, India e Italia segnano una contrazione rispettivamente del 3,2%, 6,6% e 6,5%.<\/p>\n<p>Per il secondo anno consecutivo l\u2019Italia si colloca al quinto posto tra i fornitori della Slovenia, e con riferimento alle esportazioni, nel 2025 il nostro Paese si colloca al quarto posto tra i principali mercati di sbocco della Slovenia, preceduto da Svizzera, Germania e Croazia.<\/p>\n<p>Adottando una visione settoriale, nel corso del 2025 i principali beni importati dalla Slovenia dall&#8217;estero, in termini di valore, sono stati: prodotti farmaceutici (33,3% del totale delle importazioni slovene dall&#8217;estero, pari a quasi 23,5 miliardi di euro); prodotti chimici (15,8%, 11,1 mld); autoveicoli (7,1%, 5 mld); prodotti della metallurgia (5%, 3,5 mld); coke e derivati del petrolio (4,5%, 3,2 mld); macchinari e attrezzature (4,4%, 3,1 mld); prodotti alimentari (3,9%, 2,8 mld) e apparecchiature elettriche (3,8%, 2,6 miliardi). Tra i prodotti maggiormente esportati dalla Slovenia verso l\u2019estero figurano: prodotti farmaceutici (49,4%, 35,6 miliardi di euro); autoveicoli (6,8%, 4,9 mld); apparecchiature elettriche (5,8%, 4,2 mld); macchinari e attrezzature (5,3%, 3,8 mld); prodotti della metallurgia (3,7%, 2,7 mld) e prodotti chimici (3,7%, 2,6 mld).<\/p>\n<p>I dati SURS relativi all\u2019<strong>interscambio <\/strong><strong>bilaterale Italia-Slovenia <\/strong>indicano per il 2025 un valore complessivo pari a 9,9 miliardi di euro (-2,5% rispetto al 2024), con prevalenza delle esportazioni italiane verso la Slovenia (5,4 miliardi di euro, -6,5% su base annua) rispetto alle importazioni (4,5 miliardi, +2,7%). L\u2019interscambio, pur risultando in contrazione per il terzo anno consecutivo, si mantiene comunque su alti livelli.<\/p>\n<p>L&#8217;interscambio bilaterale risulta molto pi\u00f9 diversificato rispetto all&#8217;andamento generale delle importazioni ed esportazioni slovene. Le importazioni slovene dall&#8217;Italia nel 2025 hanno riguardato: prodotti della metallurgia (17,7% del totale delle importazioni dall&#8217;Italia pari a 953 milioni di euro); coke e derivati del petrolio (10,5%, 566 mio); macchinari e attrezzature (9,5%, 515 mio); autoveicoli (8,9%, 479 mio); agroalimentare (8%, 434 mio) e prodotti chimici (7,6%, 409 mio). Sul fronte esportazioni, invece, le le categorie pi\u00f9 rilevanti nel 2025 sono risultate: elettricit\u00e0, gas e vapore (9,4% del totale delle esportazioni verso l\u2019Italia, pari a 426 milioni di euro); prodotti della metallurgia (7,6%, 344 mio); coke e derivati del petrolio (7,5%, 339 mio); prodotti chimici (7,4%, 335 mio) e prodotti derivanti dalla raccolta, trattamento e smaltimento dei rifiuti e recupero materiali (7,0%, 319 mio).<\/p>\n<p>Con riferimento agli <strong>investimenti diretti esteri<\/strong>, la Slovenia si conferma beneficiario netto di IDE, con uno stock di investimenti in entrata doppio rispetto a quello in uscita. Prosegue quindi la tendenza di crescita che ha caratterizzato l\u2019economia slovena dall\u2019indipendenza del Paese ad oggi, e il conseguente valido grado di apertura internazionale.<\/p>\n<p>Guardando all\u2019evoluzione nel lungo periodo, si rileva che gli IDE italiani sono cresciuti significativamente: dai 111 milioni di euro rilevati nel 1994 si \u00e8 passati a 1.627,3 milioni alla fine del 2024, con un incremento pari a quasi quindici volte. Gli investimenti italiani in entrata si concentrato principalmente nella zona di Lubiana, nella zona del Carso e sul Litorale, che si confermano quindi poli strategici per le imprese italiane, grazie alla loro posizione geografica, alle infrastrutture ben sviluppate e ala prossimit\u00e0 con il confine. Un dato interessante riguarda la provenienza geografica degli investimenti italiani, con una netta prevalenza delle Regioni italiane limitrofe o comunque vicine alla Slovenia, ossia Friuli-Venezia Giulia, Veneto e Lombardia &#8211; a testimonianza dei legami economici consolidati e della naturale vocazione transfrontaliera di questi territori.<\/p>\n<p><strong><u>Iniziative di promozione integrata:<\/u><\/strong><\/p>\n<p>Per la <strong>X Giornata del Design Italiano nel mondo <\/strong>(Lubiana, 5 marzo 2026), l\u2019Ambasciata d\u2019Italia a Lubiana, in collaborazione con l\u2019Istituto Italiano di Cultura e l\u2019Ufficio ICE, ha organizzato presso il MAO &#8211; il Museo di Architettura e Design di Lubiana, situato nella prestigiosa cornice del Castello di Fu\u017eine e per l&#8217;occasione partner dell&#8217;evento &#8211; una tavola rotonda dal titolo \u201cRE-DESIGN. Rigenerare spazi, oggetti, idee, relazioni\u201d, che ha visto un dialogo tra l\u2019Architetto Ciorra e la famosa designer slovena Nika Zupanc, con moderazione della Direttrice del MAO, Arch. Maja Vardjan. L\u2019appuntamento ha costituito una occasione di confronto sul ruolo che architettura e design svolgono nel contesto contemporaneo, caratterizzato da limitati spazi nei quali \u00e8 possibile creare ex novo e da un ventaglio di proposte gi\u00e0 in parte esplorato. In tale contesto, le difficolt\u00e0 principali attengono alla capacit\u00e0 di sfruttare gli spazi gi\u00e0 esistenti, apportando una creativit\u00e0 diversa, innovativa, fuori dagli schemi, pur mantenendo un dialogo creativo con lo spazio e l\u2019architettura circostante.<\/p>\n<p>In occasione della <strong>X edizione della Settimana della Cucina Italiana nel Mondo<\/strong> (Lubiana, 7-16 novembre 2025), l&#8217;Ambasciata, insieme all\u2019Istituto Italiano di Cultura di Lubiana, al Consolato Generale d\u2019Italia a Capodistria e all\u2019Ufficio ICE di Lubiana, ha organizzato numerosi eventi relativi al tema portante della rassegna, ovvero \u201cCucina italiana tra salute, cultura e innovazione\u201d. Gli eventi hanno spaziato dalla promozione della filiera italiana del caff\u00e8 e della ormai consolidata tradizione dell\u2019Aperitivo italiano, fino a una serie di masterclass sulla preparazione del risotto e del gelato artigianale italiano. L&#8217;evento &#8220;The Italian Coffee Style&#8221; \u00e8 stato organizzato in collaborazione con l\u2019Associazione del Caff\u00e8 di Trieste, nonch\u00e9 di Lavazza e di Bialetti. Le masterclass sulla preparazione del risotto sono state tenute dallo Chef Lorenzo Terenziani della Scuola Internazionale di Cucina Italiana Alma di Parma e hanno riscosso grande successo, cos\u00ec come la masterclass sulla preparazione del gelato artigianale tenuta dal Signor Mario Zanitti, proprietario della Gelateria Gusto Antico di Udine.<\/p>\n<p>La <strong>IX Edizione della Giornata del Design Italiano nel mondo<\/strong> (Portorose, 22 e 23 maggio 2025) ha visto la partecipazione dell&#8217;Ambasciata \u2013 unitamente all\u2019Ufficio ICE di Lubiana \u2013 alla manifestazione internazionale \u201cBig Architecture\u201d. In tale occasione \u00e8 in particolare stata esposta la mostra \u201cFotografia alla carriera. Omaggio alla fotografia italiana ai maestri del Compasso d\u2019Oro\u201d, messa a disposizione da codesto Ministero e curata da ADI. La mostra in questione ha suscitato l\u2019interesse di un nutrito numero di avventori della \u201cBig Architecture\u201d, anche grazie alla conformazione \u201ca percorso\u201d utilizzata per valorizzarla.<\/p>\n<p>In occasione della <strong>VII Giornata della Ricerca Italiana nel Mondo 2024<\/strong> \u00e8 stato organizzato nei giorni 09-10 aprile 2024 a Lubiana un convegno sui temi dell\u2019Intelligenza artificiale e dello sviluppo dei due supercomputer realizzati in territorio italiano e sloveno nell&#8217;ambito del partenariato europeo <em>European High Performance Computing Joint Undertaking<\/em>\u00a0del programma Horizon. Il programma della prima giornata di lavori ha affrontato il tema dell\u2019impatto delle tecnologie di Intelligenza Artificiale nella societ\u00e0 e i possibili scenari futuri, la seconda giornata ha visto gli interventi degli sviluppatori dei due supercomputer, l\u2019italiano <strong>Leonardo <\/strong>del Tecnopolo di Bologna (gestito dal consorzio CINECA) e lo sloveno <strong>Vega<\/strong>, realizzato dall\u2019Istituto Jozef Stefan presso l\u2019Universit\u00e0 di Maribor. Obiettivo del convegno \u00e8 stata la promozione di possibili scambi di know-how tra soggetti imprenditoriali e scientifici dei due Paesi, al fine di sviluppare relazioni commerciali, partnership industriali e collaborazioni nel settore della ricerca.\u00a0Il trasferimento tecnologico, tema trattato durante la seconda giornata, \u00e8 stato alla base della sessione dedicata alle imprese.<\/p>\n<p>L\u2019VIII edizione della <strong>Giornata del Design Italiano<\/strong> in Slovenia (15 e 16 maggio 2024), in linea con una tendenza seguita negli ultimi anni, si \u00e8 svolta all\u2019interno della manifestazione <em>Big Architecture<\/em> di Lubiana, divenuta nel tempo il punto di riferimento della comunit\u00e0 di architetti, <em>interior designer <\/em>e operatori di settore dell\u2019area del sud-est Europa. Oltre agli spazi dedicati agli espositori la manifestazione propone ogni anno un nutrito programma di conferenze e iniziative di <em>networking<\/em>. Per la Giornata del Design Italiano ICE-Agenzia Ufficio di Lubiana, in collaborazione con l\u2019Istituto Italiano di Cultura e sotto il coordinamento dell\u2019Ambasciata d\u2019Italia in Slovenia, ha organizzato la tavola rotonda <em>Bellezza e ospitalit\u00e0<\/em>, a cui hanno preso parte l\u2019Architetto Francesco Scullica, \u201cTestimonial del Design Italiano\u201d per la Slovenia, Professore ordinario di Disegno Industriale presso il Dipartimento di Design del Politecnico di Milano ed esperto di architettura e design dell\u2019ospitalit\u00e0, e gli Architetti sloveni \u0160pela Leskovic e Ale\u0161 Ko\u0161ak, formatisi presso la Facolt\u00e0 di Architettura dell\u2019Universit\u00e0 di Lubiana e titolari dello studio sloveno AKSL, con sedi in Slovenia e Austria, autori di numerosi progetti in diversi Paesi europei. La moderazione \u00e8 stata affidata all\u2019Architetto Ana Gruden, proveniente dall\u2019Universit\u00e0 di Lubiana con esperienza di specializzazioni all\u2019estero e un master in cinematografia. Il tema affrontato nella Conferenza si \u00e8 inquadrato perfettamente nella tematica ufficiale dell\u2019Italian Design Day 2024: \u201cFabbricare valore: inclusivit\u00e0, innovazione e sostenibilit\u00e0\u201d.<\/p>\n<p>La IX edizione della <strong>Settimana della Cucina Italiana nel Mondo<\/strong> (Lubiana, 20-21 novembre 2024) si \u00e8 posta l\u2019obiettivo di mettere in luce i molteplici aspetti caratteristici della nostra cucina declinando il tema dell\u2019anno \u201c<em>Dieta Mediterranea e Cucina delle Radici: Salute e Tradizione\u201d<\/em>. Per l&#8217;occasione sono state organizzate: una\u00a0<strong>Masterclass sull\u2019Olio d\u2019oliva<\/strong>, sessione formativa rivolta a giornalisti e a un pubblico selezionato di importatori e distributori sloveni del settore agroalimentare; un <strong>Seminario sulla nutrizione nello sport<\/strong> in collaborazione con la Facolt\u00e0 dello Sport dell\u2019Universit\u00e0 di Lubiana e l&#8217;Universit\u00e0 di Scienze Gastronomiche di Pollenzo, che ha sottolineato i benefici della dieta mediterranea per gli sportivi e che ha visto gli interventi di esperti italiani e sloveni e la presenza di due campionesse slovene.<\/p>\n","protected":false},"excerpt":{"rendered":"La Slovenia rappresenta un partner economico-commerciale importante per l\u2019Italia: nonostante le ridotte dimensioni del suo mercato interno, il Paese rappresenta una porta di accesso privilegiato alla regione adriatico-balcanica in virt\u00f9 della sua contiguit\u00e0 geografica, presenza di manodopera qualificata e salari competitivi. Per maggiori informazioni, si invita a consultare la Guida \u201cDiplomazia della crescita: destinazione Slovenia\u201d. [&hellip;]","protected":false},"author":1,"featured_media":0,"parent":14,"menu_order":0,"comment_status":"closed","ping_status":"closed","template":"","meta":{"footnotes":""},"class_list":["post-43","page","type-page","status-publish","hentry"],"_links":{"self":[{"href":"https:\/\/amblubiana.esteri.it\/it\/wp-json\/wp\/v2\/pages\/43","targetHints":{"allow":["GET"]}}],"collection":[{"href":"https:\/\/amblubiana.esteri.it\/it\/wp-json\/wp\/v2\/pages"}],"about":[{"href":"https:\/\/amblubiana.esteri.it\/it\/wp-json\/wp\/v2\/types\/page"}],"author":[{"embeddable":true,"href":"https:\/\/amblubiana.esteri.it\/it\/wp-json\/wp\/v2\/users\/1"}],"replies":[{"embeddable":true,"href":"https:\/\/amblubiana.esteri.it\/it\/wp-json\/wp\/v2\/comments?post=43"}],"version-history":[{"count":6,"href":"https:\/\/amblubiana.esteri.it\/it\/wp-json\/wp\/v2\/pages\/43\/revisions"}],"predecessor-version":[{"id":6403,"href":"https:\/\/amblubiana.esteri.it\/it\/wp-json\/wp\/v2\/pages\/43\/revisions\/6403"}],"up":[{"embeddable":true,"href":"https:\/\/amblubiana.esteri.it\/it\/wp-json\/wp\/v2\/pages\/14"}],"wp:attachment":[{"href":"https:\/\/amblubiana.esteri.it\/it\/wp-json\/wp\/v2\/media?parent=43"}],"curies":[{"name":"wp","href":"https:\/\/api.w.org\/{rel}","templated":true}]}}